{"id":62,"date":"2013-05-11T08:55:16","date_gmt":"2013-05-11T07:55:16","guid":{"rendered":"http:\/\/www.seingalt.net\/?page_id=62"},"modified":"2023-02-02T10:44:08","modified_gmt":"2023-02-02T09:44:08","slug":"blog-ascese","status":"publish","type":"page","link":"https:\/\/www.seingalt.net\/?page_id=62","title":{"rendered":"ASCESE"},"content":{"rendered":"<p><strong><a href=\"https:\/\/vimeo.com\/128888071\">ASCESE<\/a><\/strong> (2013) &#8211; Documentaire exp\u00e9rimental de Fran\u00e7ois Ducat &#8211; Production Seingalt avec le soutien de la F\u00e9d\u00e9ration Wallonie Bruxelles (Film Lab) &#8211; Avec Francisco Lopez et Barbara Ellison.<\/p>\n<p>Image, Son, R\u00e9alisation: Fran\u00e7ois Ducat \u2022 Montage: Elise Pascal \u2022 Sound Design: Joseph &amp; Chris Formanek (Mirror Shards) \u2022 Mixage: Pierre Castin \u2022 Etalonnage: Manuel Choquet.<\/p>\n<p>En acc\u00e8s libre sur sur Vimeo: <a href=\"https:\/\/vimeo.com\/128888071\">https:\/\/vimeo.com\/128888071<\/a><\/p>\n<p><a href=\"https:\/\/www.seingalt.net\/wp-content\/uploads\/2013\/03\/photo_etalo_02-e1626329727542.jpg\"><img loading=\"lazy\" decoding=\"async\" class=\"alignnone size-full wp-image-320\" src=\"https:\/\/www.seingalt.net\/wp-content\/uploads\/2013\/03\/photo_etalo_02-e1626329727542.jpg\" alt=\"\" width=\"1000\" height=\"562\"><\/a><\/p>\n<p><strong>BLOG 2013<\/strong>:<\/p>\n<p><strong>TROISI\u00c8ME ENTR\u00c9E<\/strong>: 14\/06\/13<\/p>\n<p>La premi\u00e8re phase de montage s&rsquo;est arr\u00eat\u00e9e le 3 juin. Entre temps nous avons appris qu&rsquo;ASC\u00c8SE avait fait quasi l&rsquo;unanimit\u00e9 CONTRE lui \u00e0 la r\u00e9union du WIP. Donc pas de rallonge pour la post-production. Mais le moral est au beau fixe car nous commen\u00e7ons \u00e0 recevoir des retours tr\u00e8s encourageants d&rsquo;\u00e9minents coll\u00e8gues \u00e0 qui j&rsquo;ai demand\u00e9 de visionner le film: Marie-H\u00e9l\u00e8ne Mora, Guy-Marc Hinant,&nbsp; Massimo Iannetta, Vincent Patar, Anne-Laure Gu\u00e9gan. Mais c&rsquo;est surtout l&rsquo;approbation \u00e0 100% de Francisco Lopez et de Barbara Ellison qui m&rsquo;ont le plus soulag\u00e9 car en tant que \u00ab\u00a0personnages\u00a0\u00bb du film et pourvoyeur de sons, ils constituaient un \u00e9l\u00e9ment d\u00e9cisif dans la finition du film.<\/p>\n<p>Nous reprenons le 24 juin et devrions \u00e9talonner \u00e0 la mi-juillet.<\/p>\n<p>FD le 14\/06\/13<\/p>\n<p><strong>DEUXI\u00c8ME ENTR\u00c9E<\/strong>: 25\/05\/13<\/p>\n<p>\u00c7a y est, on a termin\u00e9 un premier montage image.<\/p>\n<p>Je reste toujours \u00e9tonn\u00e9 lorsque mes \u00ab\u00a0th\u00e9ories\u00a0\u00bb fonctionnent dans la pratique (et c&rsquo;est pas souvent \ud83d\ude42 ). Je pense notamment \u00e0 l&rsquo;id\u00e9e de cr\u00e9er un film en trois mouvements, tir\u00e9 prioritairement par le son, histoire de trouver une \u00ab\u00a0nouvelle mani\u00e8re\u00a0\u00bb de monter une mati\u00e8re documentaire.<\/p>\n<p>Bien s\u00fbr, le fait qu&rsquo;il n&rsquo;y ait pas un mot (IN ou OFF) le permettait grandement. J&rsquo;avais aussi l&rsquo;id\u00e9e (vague) que le SON SYNCHRONE devrait correspondre \u00e0 l&rsquo;aboutissement d&rsquo;un lent processus de d\u00e9pouillement, bref, \u00e0 une certaine ASC\u00c8SE. La derni\u00e8re partie du film raconte ce lent d\u00e9pouillement, avec un parti-pris en faveur de l&rsquo;\u00c9COUTE (sur deux longs plans fixes dans la jungle o\u00f9 explose dans toute sa miraculeuse complexit\u00e9 un pr\u00e9l\u00e8vement sonore de Francisco LOPEZ). Le film se termine sur une succession de plans synchrones o\u00f9 Francisco et Barbara contemplent en silence, depuis une tour d&rsquo;observation, la splendeur d&rsquo;un lever du jour \u00e0 Born\u00e9o.<\/p>\n<p>\u00c0 ma grande joie, notre \u00e9quipe constitu\u00e9e de \u00c9lise, Joe, Chris et moi-m\u00eame a magnifiquement fonctionn\u00e9. Tout le monde a apport\u00e9 son lot de cr\u00e9ativit\u00e9 et tent\u00e9 de traduire les id\u00e9es distill\u00e9es par mon cerveau malade.<\/p>\n<p>Mardi dernier Beno\u00eet DERVAUX est venu visionner les premi\u00e8res 20 minutes et s&rsquo;est d\u00e9clar\u00e9 pr\u00eat \u00e0 soutenir le film en tant que rapporteur \u00e0 la prochaine commission de Wallonie Image Production \u00e0 qui Seingalt a demand\u00e9 une aide \u00e0 la post-production. On croise les doigts car tout le monde arrive un peu au bout de ses ressources (en argent et en \u00e9nergie)&#8230;<\/p>\n<p>FD &#8211; Samedi 25\/05\/2013<\/p>\n<p><strong>PREMI\u00c8RE ENTR\u00c9E<\/strong>: 11\/05\/13<\/p>\n<p>Le montage de \u00ab\u00a0ASC\u00c8SE\u00a0\u00bb a enfin d\u00e9but\u00e9! <strong>\u00c9lise Pascal<\/strong> (monteuse) <strong>Joseph &amp; Chris Formanek<\/strong> (musiciens) et moi-m\u00eame &#8211; <strong>Fran\u00e7ois Ducat<\/strong> (r\u00e9alisateur) &#8211; avons commenc\u00e9 par visionner une partie des rushes sur grand \u00e9cran puis \u00e0 patiemment r\u00e9\u00e9couter la mati\u00e8re sonore accumul\u00e9e depuis janvier 2012.<\/p>\n<p>La grande particularit\u00e9 du processus de montage de ce film est que le son y est central tant sur le fond que sur la forme: l&rsquo;id\u00e9e est que ce soit lui qui raconte une histoire AVANT les images. Contrairement \u00e0 la pratique habituelle, nous avons d\u00e9but\u00e9 par le MONTAGE SON et non par le MONTAGE IMAGE.<\/p>\n<p>Il s&rsquo;av\u00e8re que cette m\u00e9thode ouvre des perspectives insoup\u00e7onn\u00e9es dans le processus cr\u00e9atif car elle permet de d\u00e9velopper l&rsquo;imaginaire infiniment plus que par l&rsquo;image qui a tendance \u00e0 verrouiller les interpr\u00e9tations.<\/p>\n<p>Ici nous aurons trois mouvements:<\/p>\n<p>&#8211; un premier mouvement d\u00e9crit une jungle urbaine o\u00f9 le r\u00e8gne humain a c\u00e9d\u00e9 sa place \u00e0 celui des machines. Il y a bien encore des signes du passage des hommes, des images fragment\u00e9es, des \u00e9chos de communication brouill\u00e9s, mais seul un couple s&rsquo;y aventure encore dans une qu\u00eate myst\u00e9rieuse.<\/p>\n<p>&#8211; Un second mouvement accentue l&rsquo;antagonisme entre l&rsquo;artificiel et le naturel pour d\u00e9boucher sur un combat hom\u00e9rique entre ces deux forces d&rsquo;o\u00f9 le naturel sortira vainqueur. Lentement la faune reviendra \u00e0 la vie et un certain \u00e9quilibre pourra se retrouver entre les diff\u00e9rents \u00e9l\u00e9ments en conflits (la nature, les machine et l&rsquo;homme). Une harmonie nouvelle na\u00eet entre les sons acoustiques et les sons \u00e9lectroniques.<\/p>\n<p>&#8211; Le dernier mouvement montrera cet \u00e9quilibre et cette s\u00e9r\u00e9nit\u00e9 retrouv\u00e9e o\u00f9 le son semblera se r\u00e9concilier avec l&rsquo;image, jusqu&rsquo;\u00e0 ce qu&rsquo;une des forces reprenne finalement le dessus.<\/p>\n<p>Un autre d\u00e9fi est de travailler sur cette construction sonore \u00e0 4: \u00c9lise et moi d&rsquo;un c\u00f4t\u00e9 et Joe et Chris d&rsquo;un autre. Il y a eu beaucoup de discussions, d&rsquo;aller-retours et de fichiers \u00e9chang\u00e9s pour arriver \u00e0 trouver une proc\u00e9dure entre nous.<\/p>\n<p>La semaine prochaine nous attaquons le montage <strong>image<\/strong> tout en continuant de peaufiner notre histoire sonore&#8230;<\/p>\n<p>Fran\u00e7ois Ducat \/ Anderlecht \/ le 11\/05\/13<\/p>\n","protected":false},"excerpt":{"rendered":"<p>ASCESE (2013) &#8211; Documentaire exp\u00e9rimental de Fran\u00e7ois Ducat &#8211; Production Seingalt avec le soutien de la F\u00e9d\u00e9ration Wallonie Bruxelles (Film Lab) &#8211; Avec Francisco Lopez et Barbara Ellison. Image, Son, R\u00e9alisation: Fran\u00e7ois Ducat \u2022 Montage: Elise Pascal \u2022 Sound Design: &hellip; <a href=\"https:\/\/www.seingalt.net\/?page_id=62\">Continuer la lecture <span class=\"meta-nav\">&rarr;<\/span><\/a><\/p>\n","protected":false},"author":1,"featured_media":37,"parent":0,"menu_order":0,"comment_status":"closed","ping_status":"closed","template":"","meta":{"footnotes":""},"class_list":["post-62","page","type-page","status-publish","has-post-thumbnail","hentry"],"_links":{"self":[{"href":"https:\/\/www.seingalt.net\/index.php?rest_route=\/wp\/v2\/pages\/62","targetHints":{"allow":["GET"]}}],"collection":[{"href":"https:\/\/www.seingalt.net\/index.php?rest_route=\/wp\/v2\/pages"}],"about":[{"href":"https:\/\/www.seingalt.net\/index.php?rest_route=\/wp\/v2\/types\/page"}],"author":[{"embeddable":true,"href":"https:\/\/www.seingalt.net\/index.php?rest_route=\/wp\/v2\/users\/1"}],"replies":[{"embeddable":true,"href":"https:\/\/www.seingalt.net\/index.php?rest_route=%2Fwp%2Fv2%2Fcomments&post=62"}],"version-history":[{"count":12,"href":"https:\/\/www.seingalt.net\/index.php?rest_route=\/wp\/v2\/pages\/62\/revisions"}],"predecessor-version":[{"id":440,"href":"https:\/\/www.seingalt.net\/index.php?rest_route=\/wp\/v2\/pages\/62\/revisions\/440"}],"wp:featuredmedia":[{"embeddable":true,"href":"https:\/\/www.seingalt.net\/index.php?rest_route=\/wp\/v2\/media\/37"}],"wp:attachment":[{"href":"https:\/\/www.seingalt.net\/index.php?rest_route=%2Fwp%2Fv2%2Fmedia&parent=62"}],"curies":[{"name":"wp","href":"https:\/\/api.w.org\/{rel}","templated":true}]}}